{"id":449,"date":"2017-01-31T12:36:00","date_gmt":"2017-01-31T11:36:00","guid":{"rendered":"http:\/\/romanfarkas.de\/?post_type=project&#038;p=449"},"modified":"2024-07-17T14:04:44","modified_gmt":"2024-07-17T13:04:44","slug":"guatemala-hebammen-fuer-die-indios","status":"publish","type":"project","link":"https:\/\/romanfarkas.de\/?project=guatemala-hebammen-fuer-die-indios","title":{"rendered":"Guatemala &#8211; Hebammen f\u00fcr die Indios"},"content":{"rendered":"<p>[et_pb_section fb_built=&#8220;1&#8243; admin_label=&#8220;section&#8220; _builder_version=&#8220;4.16&#8243; global_colors_info=&#8220;{}&#8220;][et_pb_row admin_label=&#8220;row&#8220; _builder_version=&#8220;4.16&#8243; background_size=&#8220;initial&#8220; background_position=&#8220;top_left&#8220; background_repeat=&#8220;repeat&#8220; global_colors_info=&#8220;{}&#8220; column_structure=&#8220;2_3,1_3&#8243;][et_pb_column type=&#8220;2_3&#8243; _builder_version=&#8220;4.16&#8243; custom_padding=&#8220;|||&#8220; global_colors_info=&#8220;{}&#8220; custom_padding__hover=&#8220;|||&#8220;][et_pb_code admin_label=&#8220;Code&#8220; _builder_version=&#8220;4.16&#8243; global_colors_info=&#8220;{}&#8220;]<iframe loading=\"lazy\" src=\"https:\/\/player.vimeo.com\/video\/201647770?color=ffffff&#038;title=0&#038;byline=0&#038;portrait=0\" width=\"640\" height=\"360\" frameborder=\"0\" webkitallowfullscreen mozallowfullscreen allowfullscreen><\/iframe>[\/et_pb_code][\/et_pb_column][et_pb_column type=&#8220;1_3&#8243; _builder_version=&#8220;4.16&#8243; custom_padding=&#8220;|||&#8220; global_colors_info=&#8220;{}&#8220; custom_padding__hover=&#8220;|||&#8220;][et_pb_blurb title=&#8220;Guatemala. Hebammen f\u00fcr die indigene Bev\u00f6lkerung. &#8220; image_icon_width=&#8220;none&#8220; admin_label=&#8220;Informationstext&#8220; _builder_version=&#8220;4.16&#8243; background_size=&#8220;initial&#8220; background_position=&#8220;top_left&#8220; background_repeat=&#8220;repeat&#8220; use_border_color=&#8220;off&#8220; border_color=&#8220;#ffffff&#8220; border_style=&#8220;solid&#8220; image_max_width=&#8220;none&#8220; use_circle=&#8220;off&#8220; use_circle_border=&#8220;off&#8220; circle_border_color=&#8220;#7EBEC5&#8243; circle_color=&#8220;#7EBEC5&#8243; global_colors_info=&#8220;{}&#8220;]Projektfilm f\u00fcr ZDF \/ Brot f\u00fcr die Welt.<\/p>\n<p>Die indigene Bev\u00f6lkerung in Guatemala ist bis heute stark benachteiligt und lebt in v.a. in den abgelegenen Bergregionen. Die medizinische Versorgung ist sehr schlecht, die Kindersterblichkeit hoch. Brot f\u00fcr die Welt unterst\u00fctzt die Ausbildung von indigenen Hebammen, die auch in den entlegensten D\u00f6rfern helfen, gesunde Kinder zur Welt zu bringen.<\/p>\n<p>Kamera: Bj\u00f6rn Kurt<\/p>\n<p>Schnitt: Sebastian Luhdo<\/p>\n<p>Buch \/ Regie: Roman Farkas<br \/>\n[\/et_pb_blurb][\/et_pb_column][\/et_pb_row][\/et_pb_section]<\/p>\n","protected":false},"excerpt":{"rendered":"<p>Projektfilm f\u00fcr ZDF \/ Brot f\u00fcr die Welt. Die indigene Bev\u00f6lkerung in Guatemala ist bis heute stark benachteiligt und lebt in v.a. in den abgelegenen Bergregionen. Die medizinische Versorgung ist sehr schlecht, die Kindersterblichkeit hoch. Brot f\u00fcr die Welt unterst\u00fctzt die Ausbildung von indigenen Hebammen, die auch in den entlegensten D\u00f6rfern helfen, gesunde Kinder zur [&hellip;]<\/p>\n","protected":false},"author":1,"featured_media":458,"comment_status":"open","ping_status":"closed","template":"","meta":{"_et_pb_use_builder":"on","_et_pb_old_content":"","_et_gb_content_width":"","footnotes":""},"project_category":[12],"project_tag":[],"class_list":["post-449","project","type-project","status-publish","has-post-thumbnail","hentry","project_category-social-spots-hilfsprojekte-2"],"_links":{"self":[{"href":"https:\/\/romanfarkas.de\/index.php?rest_route=\/wp\/v2\/project\/449","targetHints":{"allow":["GET"]}}],"collection":[{"href":"https:\/\/romanfarkas.de\/index.php?rest_route=\/wp\/v2\/project"}],"about":[{"href":"https:\/\/romanfarkas.de\/index.php?rest_route=\/wp\/v2\/types\/project"}],"author":[{"embeddable":true,"href":"https:\/\/romanfarkas.de\/index.php?rest_route=\/wp\/v2\/users\/1"}],"replies":[{"embeddable":true,"href":"https:\/\/romanfarkas.de\/index.php?rest_route=%2Fwp%2Fv2%2Fcomments&post=449"}],"version-history":[{"count":4,"href":"https:\/\/romanfarkas.de\/index.php?rest_route=\/wp\/v2\/project\/449\/revisions"}],"predecessor-version":[{"id":958,"href":"https:\/\/romanfarkas.de\/index.php?rest_route=\/wp\/v2\/project\/449\/revisions\/958"}],"wp:featuredmedia":[{"embeddable":true,"href":"https:\/\/romanfarkas.de\/index.php?rest_route=\/wp\/v2\/media\/458"}],"wp:attachment":[{"href":"https:\/\/romanfarkas.de\/index.php?rest_route=%2Fwp%2Fv2%2Fmedia&parent=449"}],"wp:term":[{"taxonomy":"project_category","embeddable":true,"href":"https:\/\/romanfarkas.de\/index.php?rest_route=%2Fwp%2Fv2%2Fproject_category&post=449"},{"taxonomy":"project_tag","embeddable":true,"href":"https:\/\/romanfarkas.de\/index.php?rest_route=%2Fwp%2Fv2%2Fproject_tag&post=449"}],"curies":[{"name":"wp","href":"https:\/\/api.w.org\/{rel}","templated":true}]}}