{"id":425,"date":"2017-02-27T18:06:30","date_gmt":"2017-02-27T17:06:30","guid":{"rendered":"http:\/\/romanfarkas.de\/?post_type=project&#038;p=425"},"modified":"2024-02-08T18:35:53","modified_gmt":"2024-02-08T17:35:53","slug":"drei-farben-fuer-ein-besseres-leben-brot-fuer-die-welt","status":"publish","type":"project","link":"https:\/\/romanfarkas.de\/?project=drei-farben-fuer-ein-besseres-leben-brot-fuer-die-welt","title":{"rendered":"Drei Farben f\u00fcr ein besseres Leben &#8211; Brot f\u00fcr die Welt"},"content":{"rendered":"<p>[et_pb_section fb_built=&#8220;1&#8243; admin_label=&#8220;section&#8220; _builder_version=&#8220;4.16&#8243; global_colors_info=&#8220;{}&#8220;][et_pb_row column_structure=&#8220;2_3,1_3&#8243; admin_label=&#8220;row&#8220; _builder_version=&#8220;4.16&#8243; background_size=&#8220;initial&#8220; background_position=&#8220;top_left&#8220; background_repeat=&#8220;repeat&#8220; global_colors_info=&#8220;{}&#8220;][et_pb_column type=&#8220;2_3&#8243; _builder_version=&#8220;4.16&#8243; custom_padding=&#8220;|||&#8220; global_colors_info=&#8220;{}&#8220; custom_padding__hover=&#8220;|||&#8220;][et_pb_code admin_label=&#8220;Code&#8220; _builder_version=&#8220;4.24.0&#8243; global_colors_info=&#8220;{}&#8220;]<iframe loading=\"lazy\" src=\"https:\/\/player.vimeo.com\/video\/911265855?h=cc7dca8395\" width=\"1920\" height=\"1080\" frameborder=\"0\" allow=\"autoplay; fullscreen\" allowfullscreen><\/iframe>[\/et_pb_code][\/et_pb_column][et_pb_column type=&#8220;1_3&#8243; _builder_version=&#8220;4.16&#8243; custom_padding=&#8220;|||&#8220; global_colors_info=&#8220;{}&#8220; custom_padding__hover=&#8220;|||&#8220;][et_pb_blurb title=&#8220;Drei Farben f\u00fcr ein besseres Leben.&#8220; image_icon_width=&#8220;none&#8220; admin_label=&#8220;Informationstext&#8220; _builder_version=&#8220;4.16&#8243; background_size=&#8220;initial&#8220; background_position=&#8220;top_left&#8220; background_repeat=&#8220;repeat&#8220; use_border_color=&#8220;off&#8220; border_color=&#8220;#ffffff&#8220; border_style=&#8220;solid&#8220; image_max_width=&#8220;none&#8220; use_circle=&#8220;off&#8220; use_circle_border=&#8220;off&#8220; circle_border_color=&#8220;#7EBEC5&#8243; circle_color=&#8220;#7EBEC5&#8243; global_colors_info=&#8220;{}&#8220;]<\/p>\n<h4>Kurzdokumentation \/ Brot f\u00fcr die Welt.<\/h4>\n<p>&nbsp;<\/p>\n<p>Christine und ihre Familie leben in Ruanda. Lange Zeit ern\u00e4hrten sie sich sehr einseitig. Mit Hilfe von UGAMA, der Partnerorganisation von Brot f\u00fcr die Welt, stehen jetzt nicht nur S\u00fc\u00dfkartoffeln auf dem Speiseplan, sondern auch Gem\u00fcse und Milch.<\/p>\n<p>Der Film stellt das Schwerpunktprojekt &#8222;Drei Farben f\u00fcr ein besseres Leben&#8220; der 56. Aktion Brot f\u00fcr die Welt in Runda vor.<\/p>\n<p>Kamera: Gabriel Streif<\/p>\n<p>Schnitt: Marc Haenecke<\/p>\n<p>Sprecher: Roman Farkas<\/p>\n<p>Buch \/ Regie \/ Produktion: Roman Farkas<\/p>\n<p>Redaktion Brot f\u00fcr die Welt: Dominique Mann<\/p>\n<p>[\/et_pb_blurb][\/et_pb_column][\/et_pb_row][\/et_pb_section]<\/p>\n","protected":false},"excerpt":{"rendered":"<p>Kurzdokumentation \/ Brot f\u00fcr die Welt. &nbsp; Christine und ihre Familie leben in Ruanda. Lange Zeit ern\u00e4hrten sie sich sehr einseitig. Mit Hilfe von UGAMA, der Partnerorganisation von Brot f\u00fcr die Welt, stehen jetzt nicht nur S\u00fc\u00dfkartoffeln auf dem Speiseplan, sondern auch Gem\u00fcse und Milch. Der Film stellt das Schwerpunktprojekt &#8222;Drei Farben f\u00fcr ein besseres [&hellip;]<\/p>\n","protected":false},"author":1,"featured_media":431,"comment_status":"open","ping_status":"closed","template":"","meta":{"_et_pb_use_builder":"on","_et_pb_old_content":"","_et_gb_content_width":"","footnotes":""},"project_category":[12],"project_tag":[],"class_list":["post-425","project","type-project","status-publish","has-post-thumbnail","hentry","project_category-social-spots-hilfsprojekte-2"],"_links":{"self":[{"href":"https:\/\/romanfarkas.de\/index.php?rest_route=\/wp\/v2\/project\/425","targetHints":{"allow":["GET"]}}],"collection":[{"href":"https:\/\/romanfarkas.de\/index.php?rest_route=\/wp\/v2\/project"}],"about":[{"href":"https:\/\/romanfarkas.de\/index.php?rest_route=\/wp\/v2\/types\/project"}],"author":[{"embeddable":true,"href":"https:\/\/romanfarkas.de\/index.php?rest_route=\/wp\/v2\/users\/1"}],"replies":[{"embeddable":true,"href":"https:\/\/romanfarkas.de\/index.php?rest_route=%2Fwp%2Fv2%2Fcomments&post=425"}],"version-history":[{"count":5,"href":"https:\/\/romanfarkas.de\/index.php?rest_route=\/wp\/v2\/project\/425\/revisions"}],"predecessor-version":[{"id":943,"href":"https:\/\/romanfarkas.de\/index.php?rest_route=\/wp\/v2\/project\/425\/revisions\/943"}],"wp:featuredmedia":[{"embeddable":true,"href":"https:\/\/romanfarkas.de\/index.php?rest_route=\/wp\/v2\/media\/431"}],"wp:attachment":[{"href":"https:\/\/romanfarkas.de\/index.php?rest_route=%2Fwp%2Fv2%2Fmedia&parent=425"}],"wp:term":[{"taxonomy":"project_category","embeddable":true,"href":"https:\/\/romanfarkas.de\/index.php?rest_route=%2Fwp%2Fv2%2Fproject_category&post=425"},{"taxonomy":"project_tag","embeddable":true,"href":"https:\/\/romanfarkas.de\/index.php?rest_route=%2Fwp%2Fv2%2Fproject_tag&post=425"}],"curies":[{"name":"wp","href":"https:\/\/api.w.org\/{rel}","templated":true}]}}