{"id":124,"date":"2017-01-17T10:36:05","date_gmt":"2017-01-17T10:36:05","guid":{"rendered":"http:\/\/romanfarkas.de\/?page_id=124"},"modified":"2026-02-12T14:41:45","modified_gmt":"2026-02-12T13:41:45","slug":"about","status":"publish","type":"page","link":"https:\/\/romanfarkas.de\/?page_id=124","title":{"rendered":"About"},"content":{"rendered":"<p>[et_pb_section fb_built=&#8220;1&#8243; admin_label=&#8220;section&#8220; _builder_version=&#8220;4.16&#8243; transparent_background=&#8220;off&#8220; make_fullwidth=&#8220;off&#8220; use_custom_width=&#8220;off&#8220; width_unit=&#8220;off&#8220; custom_width_px=&#8220;1080px&#8220; custom_width_percent=&#8220;80%&#8220; global_colors_info=&#8220;{}&#8220;][et_pb_row column_structure=&#8220;1_2,1_2&#8243; admin_label=&#8220;Zeile&#8220; _builder_version=&#8220;4.16&#8243; background_size=&#8220;initial&#8220; background_position=&#8220;top_left&#8220; background_repeat=&#8220;repeat&#8220; global_colors_info=&#8220;{}&#8220;][et_pb_column type=&#8220;1_2&#8243; _builder_version=&#8220;4.16&#8243; custom_padding=&#8220;|||&#8220; global_colors_info=&#8220;{}&#8220; custom_padding__hover=&#8220;|||&#8220;][et_pb_accordion admin_label=&#8220;Akkordeon&#8220; _builder_version=&#8220;4.27.5&#8243; toggle_font=&#8220;|on|||&#8220; width=&#8220;100%&#8220; hover_enabled=&#8220;0&#8243; use_border_color=&#8220;off&#8220; border_color=&#8220;#ffffff&#8220; border_style=&#8220;solid&#8220; global_colors_info=&#8220;{}&#8220; sticky_enabled=&#8220;0&#8243;][et_pb_accordion_item title=&#8220;LEISTUNGEN&#8220; _builder_version=&#8220;4.16&#8243; global_colors_info=&#8220;{}&#8220; open=&#8220;off&#8220;] <b>Konzeption, Planung und Realisierung von Filmprojekten im Bereich Dokumentation, Imagefilm, Reportage.\u00a0<\/b> [\/et_pb_accordion_item][et_pb_accordion_item title=&#8220;VORBEREITUNG UND KONZEPTION&#8220; _builder_version=&#8220;4.16&#8243; global_colors_info=&#8220;{}&#8220; open=&#8220;off&#8220;]Ist ein Thema gesetzt, beginnt die eigentliche Arbeit:<\/p>\n<p>Jedes Thema l\u00e4sst sich aus unterschiedlichsten Perspektiven erz\u00e4hlen.<\/p>\n<p>Schon in der Recherche muss ich mich immer fragen: Warum m\u00f6chte ich genau diese Geschichte erz\u00e4hlen? Was ist meine Perspektive? Was ist mein besonderer Zugang? Wie kann ich der Geschichte einen einzigartigen Charakter geben? Welche Protagonisten verk\u00f6rpern das Thema am besten? Welche Stilmittel brauche ich, um das Publikum auf unsere inhaltliche Reise mitzunehmen? Was sind die besonderen Umst\u00e4nde oder Gefahren, die uns beim Dreh erwarten?<\/p>\n<p>Aus all diesen Informationen entsteht das Konzept.<\/p>\n<p>Aus den Fakten m\u00fcssen wir eine Vision entwickeln.\u00a0Nur die Tatsachen aufzulisten, ist in den Nachrichten w\u00fcnschenswert und richtig. Beim filmischen Erz\u00e4hlen m\u00fcssen wir dar\u00fcber hinaus gehen.<\/p>\n<p>Aufgabe des Autors und Regisseurs ist es, das Thema, die Fakten, die Auswahl der Protagonisten und Locations so anzulegen, dass daraus eine Struktur und ein Handlungsbogen entsteht. Und schon vor dem Dreh muss ich ein klares Bild haben, wie die Geschichte aussehen kann. Wenn ich ein Interview f\u00fchre und gar nicht weiss, was der Interview-Partner erz\u00e4hlen wird, werde ich die falschen Fragen stellen.<\/p>\n<p>Wenn ich nicht weiss, wohin mich meine Geschichte f\u00fchren wird, werde ich mich verlieren. Ich muss die Geschichte vom Ende her denken.\u00a0Deshalb erstellen wir auch vor dem dokumentarischen Dreh ein detailliertes Buch, das einen schl\u00fcssigen Handlungsbogen erz\u00e4hlt. Erst hier sehen wir, ob die Geschichte in sich stimmig ist.<\/p>\n<p>Das ist unser Fahrplan, unsere Matrix, die ein klares Ziel vorgibt. Ergeben sich neue Aspekte und spannende Umwege, kann ich flexibel darauf reagieren.[\/et_pb_accordion_item][et_pb_accordion_item title=&#8220;DREHERFAHRUNG WELTWEIT&#8220; _builder_version=&#8220;4.16&#8243; global_colors_info=&#8220;{}&#8220; open=&#8220;off&#8220;]<\/p>\n<p style=\"text-align: left;\"><b>Mit der richtigen Vorbereitung k\u00f6nnen wir \u00fcberall auf der Welt drehen.\u00a0<\/b><\/p>\n<p style=\"text-align: left;\">Dutzende Drehreisen haben mich in \u00fcber 80 L\u00e4nder der Welt gebracht &#8211; in viele davon mehrfach.<\/p>\n<p style=\"text-align: left;\">Darunter waren Kriegs- und Krisengebiete (Ukraine, Irak, Afghanistan, Sudan, Tschad, Kongo), extrem heisse Regionen (Afar-W\u00fcste \u00c4thiopien), und schwer zug\u00e4ngliche Regionen nach Naturkatastrophen (Nepal 2015, Gujarat \/ Indien 1999, Tacloban nach dem Taifun 2014, Sri Lanka nach dem Tsunami).<\/p>\n<p style=\"text-align: left;\">Im deutschsprachigen Raum wird es nur wenige Kollegen geben, die eine vergleichbare Auslandserfahrung haben.<\/p>\n<p style=\"text-align: left;\">Man lernt, dass es immer Schwierigkeiten geben kann.\u00a0Und man lernt, dass sich die meisten Probleme l\u00f6sen lassen:<\/p>\n<ul>\n<li style=\"text-align: left;\">Welche Genehmigungen brauche ich?<\/li>\n<li style=\"text-align: left;\">Welche Kamera arbeitet auch bei \u00fcber 40 Grad noch zuverl\u00e4ssig?<\/li>\n<li style=\"text-align: left;\">Was kostet ein Jeep &#8211; z.B. im Tschad?<\/li>\n<li style=\"text-align: left;\">Welche Zeiten muss ich einplanen?<\/li>\n<li style=\"text-align: left;\">Wer begleitet mich vor Ort?<\/li>\n<li style=\"text-align: left;\">Wo bekomme ich im Nirgendwo Strom her?<\/li>\n<li style=\"text-align: left;\">Welche Versicherung deckt auch Kriegssch\u00e4den ab?<\/li>\n<\/ul>\n<p>Das ist letzten Endes ein Handwerk, das sich aus Erfahrung speist. Mit der entsprechenden Erfahrung und den richtigen Partnern l\u00e4sst sich alles kalkulieren.<\/p>\n<p style=\"text-align: left;\">Alles Andere ist Neugier, gesunder Menschenverstand und optimistische Naivit\u00e4t: Gute Vorbereitung heisst nicht, alles zu kontrollieren oder vorher zu wissen. Es geht darum, mit einer optimalen Vorbereitung auf das Unvorhergesehene angemessen zu reagieren.<\/p>\n<p>[\/et_pb_accordion_item][et_pb_accordion_item title=&#8220;VITA&#8220; _builder_version=&#8220;4.16&#8243; global_colors_info=&#8220;{}&#8220; open=&#8220;off&#8220;]Seit 2005\u00a0<strong>Produktion und Regie<\/strong>\u00a0(Dokumentation weltweit, Imagefilm, Social Spots, Werbung)<\/p>\n<p>Seit 1997\u00a0<strong>Regisseur und Autor<\/strong>\u00a0f\u00fcr Dokumentarfilm, Imagefilm, Social Spots, Unterhaltung<\/p>\n<p>1995 -1997\u00a0<strong>Producer<\/strong>\u00a0bei Bayerischer Rundfunk \/ ARD<\/p>\n<p>1994\u00a0<strong>Magister Artium<\/strong>\u00a0(magna cum laude) in Philosophie, Psychologie und Kommunikationswissenschaft an der\u00a0<strong>Hochschule f\u00fcr Philosophie<\/strong>\u00a0\/ M\u00fcnchen<\/p>\n<p>1993-1995 Vorlesungen, Seminare und Workshops an der\u00a0<strong>HFF M\u00fcnchen\u00a0<\/strong>(Hochschule f\u00fcr Film und Fernsehen)<\/p>\n<p>1991\/92 Gaststudent Aktklasse\u00a0Kunstakademie M\u00fcnchen<\/p>\n<p>1990 \u2013 1994 Studium der\u00a0<strong>Philosophie, Psychologie<\/strong>,\u00a0<strong>Kommunikationswissenschaft<\/strong>\u00a0und\u00a0<strong>Kunstgeschichte<\/strong>\u00a0in\u00a0<strong>M\u00fcnchen und Paris<\/strong><\/p>\n<p>Geboren in Kempten \/ Bayern<\/p>\n<p>Sprachen: Deutsch (Muttersprache), Englisch (verhandlungssicher), Franz\u00f6sisch (fliessend), Italienisch, Spanisch. Grosses Latinum.<\/p>\n<p>Sportbootf\u00fchrerschein See (SBF See)<\/p>\n<p>Tauchschein<\/p>\n<p>Lehrgang &#8222;Schutz und Verhalten in Krisenregionen&#8220; am Vereinte Nationen Ausbildungszentrum der Bundeswehr (VNAusbZBw)<\/p>\n<p>Catamaran Schein VDWS, Windsurf Schein VDWS[\/et_pb_accordion_item][et_pb_accordion_item title=&#8220;FILMOGRAPHIE&#8220; open=&#8220;off&#8220; _builder_version=&#8220;4.27.5&#8243; hover_enabled=&#8220;0&#8243; global_colors_info=&#8220;{}&#8220; sticky_enabled=&#8220;0&#8243;]<\/p>\n<p>(AUSZ\u00dcGE)<\/p>\n<p><strong>2025<\/strong><\/p>\n<p>Peru &#8211; Wasser ernten \/ ZDF<\/p>\n<p>Ukraine &#8211; Hilfe f\u00fcr Fl\u00fcchtlinge \/ ZDF<\/p>\n<p><strong>2024<\/strong><\/p>\n<p>Uganda &#8211; Wasser ist Leben \/ ZDF<\/p>\n<p>Sierra Leone &#8211; bessere Landwirtschaft &#8211; bessere Ern\u00e4hrung \/ ZDF<\/p>\n<p>S\u00fcdafrika &#8211; Masifunde. Let us learn! \/ ZDF \/ Misereor<strong><\/strong><\/p>\n<p><strong>2023<\/strong><\/p>\n<p>Namibia &#8211; Ausbildung f\u00fcr benachteiligte Menschen \/ ZDF<\/p>\n<p>Guinea &#8211; der mobile Lebensretter im Regenwald \/ ZDF<\/p>\n<p><strong>2022<\/strong><\/p>\n<p>Paraguay &#8211; die Schule der Strasse f\u00fcr indigene Kinder \/ ZDF<\/p>\n<p>Malawi &#8211; Permakultur. Von der Natur lernen \/ ZDF<\/p>\n<p><strong>2021<\/strong><\/p>\n<p>Liberia &#8211; Das Buschkrankenhaus von Ganta \/ ZDF<\/p>\n<p><strong>2020<\/strong><\/p>\n<p>Mocambique &#8211; die Kinder von der M\u00fcllkippe \/ ZDF<\/p>\n<p><strong>2019<\/strong><\/p>\n<p>Bangladesch &#8211; Wasser trotz Klimawandel \/ ZDF \/ Brot f\u00fcr die Welt<\/p>\n<p>Costa Rica &#8211; Fussball ver\u00e4ndert Leben \/ ZDF<\/p>\n<p><strong>2018<\/strong><\/p>\n<p>Haiti &#8211; ein Arzt f\u00fcr 20.000 Menschen \/ ZDF<\/p>\n<p>S\u00fcdafrika &#8211; Sinani \/ ZDF \/ Brot f\u00fcr die Welt<\/p>\n<p>S\u00fcdafrika &#8211; Goedgedacht \/ ZDF<\/p>\n<p><strong>2017<\/strong><\/p>\n<p>Hilfe f\u00fcr die Opfer der D\u00fcrre in Ostafrika \/ ZDF<\/p>\n<p>Indien &#8211; Strassenkinder in Delhi<\/p>\n<p>Uganda &#8211; starke Frauen \/ ZDF<\/p>\n<p>Wasser f\u00fcr alle (Kenia)\u00a0\/ Brot f\u00fcr die Welt<\/p>\n<p><strong>2016<\/strong><\/p>\n<p>Begegnungen im Heiligen Land \/ ZDF \/ 60 min<\/p>\n<p>Philippinen \u2013 Hilfe f\u00fcr arme Fischer \/ ZDF \/ Misereor,<\/p>\n<p>Sierra Leone \u2013 Ebola \u2013 Waisen \/ ZDF \/ Brot f\u00fcr die Welt<\/p>\n<p>Satt ist nicht genug (Brasilien) \/ Brot f\u00fcr die Welt<\/p>\n<p>Imagefilm \u201eHainbuch\u201c<\/p>\n<p><strong>2015<\/strong><\/p>\n<p>Kino-Spot \u201eNach dem Hurrikan auf den Philippinen\u201c \/ Diakonie Katastrophenhilfe<\/p>\n<p>Nepal \u2013 Hilfe nach dem Beben \/ ZDF<\/p>\n<p>Mongolei \u2013 Hilfe f\u00fcr Nomaden \u2013 Familien \/ ZDF<\/p>\n<p>Imagefilm MyLike<\/p>\n<p>Spot \u201eTschad\u201c \/ Brot f\u00fcr die Welt<\/p>\n<p><strong>2014<\/strong><\/p>\n<p>Tschad \u2013 ein Krankenhaus f\u00fcr 80.000 Menschen<\/p>\n<p>Ruanda \u2013 die erste Blindenschule f\u00fcr Kinder<\/p>\n<p>Angola \u2013 Land zum Leben, Grund zur Hoffnung \/ Brot f\u00fcr die Welt<\/p>\n<p><strong>2013<\/strong><\/p>\n<p>Kongo \u2013 Leben auf der M\u00fcllkippe \/ ZDF<\/p>\n<p>Brasilien \u2013 die Fussballkinder von Rio \/ ZDF<\/p>\n<p>Bangladesch \u2013 Tigerwitwen \/ ZDF<\/p>\n<p><strong>2012<\/strong><\/p>\n<p>\u00c4thiopien \u2013 Afar-Nomaden \/ ZDF<\/p>\n<p>Haiti \u2013 nach dem Beben \/ ZDF<\/p>\n<p>S\u00fcdafrika \u2013 Goedgedacht\u201c \/ ZDF<\/p>\n<p>Guatemala \u2013 Ilugua \/ Brot f\u00fcr die Welt<\/p>\n<p><strong>2011<\/strong><\/p>\n<p>Madagaskar \u2013 Ein Dorf macht Schule, Kurzdokumentation \/ ZDF<\/p>\n<p>Kabul \/Afghanistan- letzte Chance f\u00fcr kranke Kinder \/ Kurzdokumentation<\/p>\n<p>Kalkutta \u2013 Leben im Slum \/ 10 min \/ ZDF u Misereor<\/p>\n<p>Imagefilm \u201eMenschen f\u00fcr Menschen\u201c<\/p>\n<p><strong>2010<\/strong><\/p>\n<p>The Shepherd\u2018s Hospice Sierra Leone (HIV Prevention), Kurzdokumentation<\/p>\n<p>Gef\u00e4ngniskinder auf den Philippinen \/ ZDF<\/p>\n<p>Indien -Kinderarbeit im Steinbruch \/ ZDF \/ Misereor<\/p>\n<p>Imagefilm \u201eRoland Berger Stiftung\u201c<\/p>\n<p><strong>2009<\/strong><\/p>\n<p>Strassenkinder in Tansania \/ 10 min \/ Misereor<\/p>\n<p>Guatemala \u2013 indianische Hebammen \/ ZDF<\/p>\n<p><strong>2007<\/strong><\/p>\n<p>Menschen f\u00fcr Menschen<\/p>\n<p><strong>2006<\/strong><\/p>\n<p>Pilotfilm \u201eClassic Motors \/ Porsche 911\u201c \/ 25 min<\/p>\n<p>TV-Spot \u201eWorld in Balance\u201c \/ Ratiopharm<\/p>\n<p>Imagefilm \u201eFendt\u201c<\/p>\n<p>Imagefilm \u201eNew Media and beyond\u201c \/ Bundesministerium f\u00fcr Wirtschaft<\/p>\n<p><strong>2003<\/strong><\/p>\n<p>Die World Awards, Reportage \/ ARD \/ 30 min<\/p>\n<p><strong>2002<\/strong><\/p>\n<p>Cameron\u2019s Vision (James Cameron\u2019s deep sea expedition to german warship \u201aBismarck\u2018)<\/p>\n<p><strong>2001<\/strong><\/p>\n<p>Indien \u2013 Hilfe nach dem Beben \/ 30 min \/ ARD \/ Discovery<\/p>\n<p><strong>2000<\/strong><\/p>\n<p>Gorch Fock \/ 45 min \/ Kabel 1<\/p>\n<p><strong>1999<\/strong><\/p>\n<p>History: \u201eHerrhausen \u2013 das Attentat\u201c \/ 25 min \/ Pro7<\/p>\n<p><strong>1998<\/strong><\/p>\n<p>Bodyguards \u2013 Leben in der Schusslinie \/ 45 min \/ Kabel 1<\/p>\n<p>[\/et_pb_accordion_item][et_pb_accordion_item title=&#8220;EQUIPMENT \/ AUSSTATTUNG&#8220; _builder_version=&#8220;4.16&#8243; global_colors_info=&#8220;{}&#8220; open=&#8220;off&#8220;]<\/p>\n<p><b>\u00a0\/Eigenes Equipment \/ Ausstattung:\u00a0<\/b><\/p>\n<ul>\n<li>Schnittplatz Avid Media Composer\u00a0 \/ Symphony<\/li>\n<li>Da Vinci Resolve 12.5<\/li>\n<li>Kamera Sony FX 6 Cinema Line Vollformatkamera<\/li>\n<li>Kamera Canon 5D Mark IV<\/li>\n<li>Wechseloptiken (Canon 16-35mm; Canon 24-70mm 2,8; Canon 50 mm 1,4; Canon 24 &#8211; 105mm 4,0 USM II; 70-300 mm)<\/li>\n<li>Stativ Sachtler Speed Lock CF \/ Fluidkopf FSB 10 mit 100 mm Schale<\/li>\n<li>Drohne DJI Mavic Pro \/ Air 3<\/li>\n<li>Sennheiser AVX-MKE 2 digitales Funkmikrofon<\/li>\n<li>Small HD 702 Field Monitor Kit<\/li>\n<li>Alu-Stative, LED-Akku-Licht, etc.<\/li>\n<\/ul>\n<p><img loading=\"lazy\" decoding=\"async\" class=\"alignnone wp-image-276\" src=\"https:\/\/romanfarkas.de\/wp-content\/uploads\/2017\/01\/Avid-Symbol-300x173.jpg\" alt=\"\" width=\"205\" height=\"118\" srcset=\"https:\/\/romanfarkas.de\/wp-content\/uploads\/2017\/01\/Avid-Symbol-300x173.jpg 300w, https:\/\/romanfarkas.de\/wp-content\/uploads\/2017\/01\/Avid-Symbol-768x443.jpg 768w, https:\/\/romanfarkas.de\/wp-content\/uploads\/2017\/01\/Avid-Symbol.jpg 950w\" sizes=\"(max-width: 205px) 100vw, 205px\" \/>\u00a0\u00a0<img loading=\"lazy\" decoding=\"async\" class=\"alignnone wp-image-564\" src=\"https:\/\/romanfarkas.de\/wp-content\/uploads\/2017\/01\/Da-Vinci-Resolve--300x126.jpg\" alt=\"\" width=\"262\" height=\"110\" srcset=\"https:\/\/romanfarkas.de\/wp-content\/uploads\/2017\/01\/Da-Vinci-Resolve--300x126.jpg 300w, https:\/\/romanfarkas.de\/wp-content\/uploads\/2017\/01\/Da-Vinci-Resolve--768x322.jpg 768w, https:\/\/romanfarkas.de\/wp-content\/uploads\/2017\/01\/Da-Vinci-Resolve--1024x429.jpg 1024w, https:\/\/romanfarkas.de\/wp-content\/uploads\/2017\/01\/Da-Vinci-Resolve-.jpg 1046w\" sizes=\"(max-width: 262px) 100vw, 262px\" \/><img loading=\"lazy\" decoding=\"async\" class=\"alignnone wp-image-908 \" src=\"https:\/\/romanfarkas.de\/wp-content\/uploads\/2024\/02\/Bildschirmfoto-2024-02-01-um-10.19.41-300x249.png\" alt=\"\" width=\"215\" height=\"178\" \/> <img loading=\"lazy\" decoding=\"async\" class=\"alignnone wp-image-553\" src=\"https:\/\/romanfarkas.de\/wp-content\/uploads\/2017\/01\/canon-5-d-300x237.jpg\" alt=\"\" width=\"140\" height=\"111\" srcset=\"https:\/\/romanfarkas.de\/wp-content\/uploads\/2017\/01\/canon-5-d-300x237.jpg 300w, https:\/\/romanfarkas.de\/wp-content\/uploads\/2017\/01\/canon-5-d-768x608.jpg 768w, https:\/\/romanfarkas.de\/wp-content\/uploads\/2017\/01\/canon-5-d.jpg 796w\" sizes=\"(max-width: 140px) 100vw, 140px\" \/><img loading=\"lazy\" decoding=\"async\" class=\"alignnone wp-image-552\" src=\"https:\/\/romanfarkas.de\/wp-content\/uploads\/2017\/01\/24-105-mm.jpg\" alt=\"\" width=\"107\" height=\"114\" \/><img loading=\"lazy\" decoding=\"async\" class=\"alignnone wp-image-556\" src=\"https:\/\/romanfarkas.de\/wp-content\/uploads\/2017\/01\/Canon-24-70mm-28-242x300.jpg\" alt=\"\" width=\"94\" height=\"117\" srcset=\"https:\/\/romanfarkas.de\/wp-content\/uploads\/2017\/01\/Canon-24-70mm-28-242x300.jpg 242w, https:\/\/romanfarkas.de\/wp-content\/uploads\/2017\/01\/Canon-24-70mm-28.jpg 558w\" sizes=\"(max-width: 94px) 100vw, 94px\" \/><img loading=\"lazy\" decoding=\"async\" class=\"alignnone  wp-image-572\" src=\"https:\/\/romanfarkas.de\/wp-content\/uploads\/2017\/01\/canon-206x300.jpg\" alt=\"\" width=\"72\" height=\"105\" srcset=\"https:\/\/romanfarkas.de\/wp-content\/uploads\/2017\/01\/canon-206x300.jpg 206w, https:\/\/romanfarkas.de\/wp-content\/uploads\/2017\/01\/canon.jpg 332w\" sizes=\"(max-width: 72px) 100vw, 72px\" \/><img loading=\"lazy\" decoding=\"async\" class=\"alignnone wp-image-555\" src=\"https:\/\/romanfarkas.de\/wp-content\/uploads\/2017\/01\/Canon-50-mm-14-300x293.jpg\" alt=\"\" width=\"97\" height=\"95\" srcset=\"https:\/\/romanfarkas.de\/wp-content\/uploads\/2017\/01\/Canon-50-mm-14-300x293.jpg 300w, https:\/\/romanfarkas.de\/wp-content\/uploads\/2017\/01\/Canon-50-mm-14.jpg 490w\" sizes=\"(max-width: 97px) 100vw, 97px\" \/><img loading=\"lazy\" decoding=\"async\" class=\"alignnone wp-image-557\" src=\"https:\/\/romanfarkas.de\/wp-content\/uploads\/2017\/01\/DJI-Mavic-Pro-300x172.jpg\" alt=\"\" width=\"205\" height=\"118\" srcset=\"https:\/\/romanfarkas.de\/wp-content\/uploads\/2017\/01\/DJI-Mavic-Pro-300x172.jpg 300w, https:\/\/romanfarkas.de\/wp-content\/uploads\/2017\/01\/DJI-Mavic-Pro-768x441.jpg 768w, https:\/\/romanfarkas.de\/wp-content\/uploads\/2017\/01\/DJI-Mavic-Pro-1024x589.jpg 1024w, https:\/\/romanfarkas.de\/wp-content\/uploads\/2017\/01\/DJI-Mavic-Pro-1080x621.jpg 1080w, https:\/\/romanfarkas.de\/wp-content\/uploads\/2017\/01\/DJI-Mavic-Pro.jpg 1082w\" sizes=\"(max-width: 205px) 100vw, 205px\" \/><img loading=\"lazy\" decoding=\"async\" class=\"alignnone wp-image-559\" src=\"https:\/\/romanfarkas.de\/wp-content\/uploads\/2017\/01\/Sachtler-Speed-Lock-CF--278x300.jpg\" alt=\"\" width=\"169\" height=\"182\" srcset=\"https:\/\/romanfarkas.de\/wp-content\/uploads\/2017\/01\/Sachtler-Speed-Lock-CF--278x300.jpg 278w, https:\/\/romanfarkas.de\/wp-content\/uploads\/2017\/01\/Sachtler-Speed-Lock-CF--768x829.jpg 768w, https:\/\/romanfarkas.de\/wp-content\/uploads\/2017\/01\/Sachtler-Speed-Lock-CF--949x1024.jpg 949w, https:\/\/romanfarkas.de\/wp-content\/uploads\/2017\/01\/Sachtler-Speed-Lock-CF--1080x1165.jpg 1080w, https:\/\/romanfarkas.de\/wp-content\/uploads\/2017\/01\/Sachtler-Speed-Lock-CF-.jpg 1142w\" sizes=\"(max-width: 169px) 100vw, 169px\" \/><img loading=\"lazy\" decoding=\"async\" class=\"alignnone wp-image-558\" src=\"https:\/\/romanfarkas.de\/wp-content\/uploads\/2017\/01\/Fluidkopf-FSB-10-100-mm-Schale-300x252.jpg\" alt=\"\" width=\"153\" height=\"128\" srcset=\"https:\/\/romanfarkas.de\/wp-content\/uploads\/2017\/01\/Fluidkopf-FSB-10-100-mm-Schale-300x252.jpg 300w, https:\/\/romanfarkas.de\/wp-content\/uploads\/2017\/01\/Fluidkopf-FSB-10-100-mm-Schale-768x646.jpg 768w, https:\/\/romanfarkas.de\/wp-content\/uploads\/2017\/01\/Fluidkopf-FSB-10-100-mm-Schale-1024x861.jpg 1024w, https:\/\/romanfarkas.de\/wp-content\/uploads\/2017\/01\/Fluidkopf-FSB-10-100-mm-Schale.jpg 1044w\" sizes=\"(max-width: 153px) 100vw, 153px\" \/><img loading=\"lazy\" decoding=\"async\" class=\"alignnone wp-image-560\" src=\"https:\/\/romanfarkas.de\/wp-content\/uploads\/2017\/01\/Sennheiser-AVX-MKE2-300x297.jpg\" alt=\"\" width=\"117\" height=\"116\" srcset=\"https:\/\/romanfarkas.de\/wp-content\/uploads\/2017\/01\/Sennheiser-AVX-MKE2-300x297.jpg 300w, https:\/\/romanfarkas.de\/wp-content\/uploads\/2017\/01\/Sennheiser-AVX-MKE2-150x150.jpg 150w, https:\/\/romanfarkas.de\/wp-content\/uploads\/2017\/01\/Sennheiser-AVX-MKE2-768x760.jpg 768w, https:\/\/romanfarkas.de\/wp-content\/uploads\/2017\/01\/Sennheiser-AVX-MKE2-1024x1013.jpg 1024w, https:\/\/romanfarkas.de\/wp-content\/uploads\/2017\/01\/Sennheiser-AVX-MKE2-1080x1069.jpg 1080w, https:\/\/romanfarkas.de\/wp-content\/uploads\/2017\/01\/Sennheiser-AVX-MKE2.jpg 1160w\" sizes=\"(max-width: 117px) 100vw, 117px\" \/>\u00a0\u00a0<img loading=\"lazy\" decoding=\"async\" class=\"alignnone wp-image-561\" src=\"https:\/\/romanfarkas.de\/wp-content\/uploads\/2017\/01\/Small-HD-Monitor-Kit-300x147.jpg\" alt=\"\" width=\"200\" height=\"98\" srcset=\"https:\/\/romanfarkas.de\/wp-content\/uploads\/2017\/01\/Small-HD-Monitor-Kit-300x147.jpg 300w, https:\/\/romanfarkas.de\/wp-content\/uploads\/2017\/01\/Small-HD-Monitor-Kit-768x376.jpg 768w, https:\/\/romanfarkas.de\/wp-content\/uploads\/2017\/01\/Small-HD-Monitor-Kit-1024x502.jpg 1024w, https:\/\/romanfarkas.de\/wp-content\/uploads\/2017\/01\/Small-HD-Monitor-Kit-1080x529.jpg 1080w, https:\/\/romanfarkas.de\/wp-content\/uploads\/2017\/01\/Small-HD-Monitor-Kit.jpg 1882w\" sizes=\"(max-width: 200px) 100vw, 200px\" \/>\u00a0<img loading=\"lazy\" decoding=\"async\" class=\"alignnone wp-image-563\" src=\"https:\/\/romanfarkas.de\/wp-content\/uploads\/2017\/01\/Ambient-Tiny-Mike-300x129.jpg\" alt=\"\" width=\"246\" height=\"106\" srcset=\"https:\/\/romanfarkas.de\/wp-content\/uploads\/2017\/01\/Ambient-Tiny-Mike-300x129.jpg 300w, https:\/\/romanfarkas.de\/wp-content\/uploads\/2017\/01\/Ambient-Tiny-Mike-768x331.jpg 768w, https:\/\/romanfarkas.de\/wp-content\/uploads\/2017\/01\/Ambient-Tiny-Mike-1024x441.jpg 1024w, https:\/\/romanfarkas.de\/wp-content\/uploads\/2017\/01\/Ambient-Tiny-Mike.jpg 1030w\" sizes=\"(max-width: 246px) 100vw, 246px\" \/><\/p>\n<p>[\/et_pb_accordion_item][et_pb_accordion_item title=&#8220;REFERENZEN&#8220; _builder_version=&#8220;4.16&#8243; global_colors_info=&#8220;{}&#8220; open=&#8220;off&#8220;] <img loading=\"lazy\" decoding=\"async\" class=\"alignnone wp-image-307\" src=\"https:\/\/romanfarkas.de\/wp-content\/uploads\/2017\/01\/zdf-300x170.jpg\" alt=\"\" width=\"179\" height=\"101\" srcset=\"https:\/\/romanfarkas.de\/wp-content\/uploads\/2017\/01\/zdf-300x170.jpg 300w, https:\/\/romanfarkas.de\/wp-content\/uploads\/2017\/01\/zdf-768x434.jpg 768w, https:\/\/romanfarkas.de\/wp-content\/uploads\/2017\/01\/zdf-1024x579.jpg 1024w, https:\/\/romanfarkas.de\/wp-content\/uploads\/2017\/01\/zdf-1080x610.jpg 1080w, https:\/\/romanfarkas.de\/wp-content\/uploads\/2017\/01\/zdf.jpg 1692w\" sizes=\"(max-width: 179px) 100vw, 179px\" \/><img loading=\"lazy\" decoding=\"async\" class=\"alignnone wp-image-284\" src=\"https:\/\/romanfarkas.de\/wp-content\/uploads\/2017\/01\/ARD-300x135.jpg\" alt=\"\" width=\"222\" height=\"100\" srcset=\"https:\/\/romanfarkas.de\/wp-content\/uploads\/2017\/01\/ARD-300x135.jpg 300w, https:\/\/romanfarkas.de\/wp-content\/uploads\/2017\/01\/ARD-768x345.jpg 768w, https:\/\/romanfarkas.de\/wp-content\/uploads\/2017\/01\/ARD-1024x460.jpg 1024w, https:\/\/romanfarkas.de\/wp-content\/uploads\/2017\/01\/ARD-1080x485.jpg 1080w\" sizes=\"(max-width: 222px) 100vw, 222px\" \/><img loading=\"lazy\" decoding=\"async\" class=\"alignnone wp-image-286\" src=\"https:\/\/romanfarkas.de\/wp-content\/uploads\/2017\/01\/br-300x271.jpg\" alt=\"\" width=\"107\" height=\"97\" srcset=\"https:\/\/romanfarkas.de\/wp-content\/uploads\/2017\/01\/br-300x271.jpg 300w, https:\/\/romanfarkas.de\/wp-content\/uploads\/2017\/01\/br-768x693.jpg 768w, https:\/\/romanfarkas.de\/wp-content\/uploads\/2017\/01\/br-1024x924.jpg 1024w, https:\/\/romanfarkas.de\/wp-content\/uploads\/2017\/01\/br-1080x974.jpg 1080w, https:\/\/romanfarkas.de\/wp-content\/uploads\/2017\/01\/br.jpg 1674w\" sizes=\"(max-width: 107px) 100vw, 107px\" \/><img loading=\"lazy\" decoding=\"async\" class=\"alignnone wp-image-301\" src=\"https:\/\/romanfarkas.de\/wp-content\/uploads\/2017\/01\/ndr-300x222.jpg\" alt=\"\" width=\"157\" height=\"116\" srcset=\"https:\/\/romanfarkas.de\/wp-content\/uploads\/2017\/01\/ndr-300x222.jpg 300w, https:\/\/romanfarkas.de\/wp-content\/uploads\/2017\/01\/ndr-768x567.jpg 768w, https:\/\/romanfarkas.de\/wp-content\/uploads\/2017\/01\/ndr-1024x756.jpg 1024w, https:\/\/romanfarkas.de\/wp-content\/uploads\/2017\/01\/ndr-1080x798.jpg 1080w, https:\/\/romanfarkas.de\/wp-content\/uploads\/2017\/01\/ndr.jpg 1262w\" sizes=\"(max-width: 157px) 100vw, 157px\" \/><img loading=\"lazy\" decoding=\"async\" class=\"alignnone wp-image-297\" src=\"https:\/\/romanfarkas.de\/wp-content\/uploads\/2017\/01\/mdr-300x140.jpg\" alt=\"\" width=\"185\" height=\"86\" srcset=\"https:\/\/romanfarkas.de\/wp-content\/uploads\/2017\/01\/mdr-300x140.jpg 300w, https:\/\/romanfarkas.de\/wp-content\/uploads\/2017\/01\/mdr-768x360.jpg 768w, https:\/\/romanfarkas.de\/wp-content\/uploads\/2017\/01\/mdr-1024x480.jpg 1024w, https:\/\/romanfarkas.de\/wp-content\/uploads\/2017\/01\/mdr-1080x506.jpg 1080w\" sizes=\"(max-width: 185px) 100vw, 185px\" \/><img loading=\"lazy\" decoding=\"async\" class=\"alignnone wp-image-302\" src=\"https:\/\/romanfarkas.de\/wp-content\/uploads\/2017\/01\/pro7-295x300.jpg\" alt=\"\" width=\"85\" height=\"87\" srcset=\"https:\/\/romanfarkas.de\/wp-content\/uploads\/2017\/01\/pro7-295x300.jpg 295w, https:\/\/romanfarkas.de\/wp-content\/uploads\/2017\/01\/pro7.jpg 476w\" sizes=\"(max-width: 85px) 100vw, 85px\" \/><img loading=\"lazy\" decoding=\"async\" class=\"alignnone wp-image-305\" src=\"https:\/\/romanfarkas.de\/wp-content\/uploads\/2017\/01\/sat-1-296x300.jpg\" alt=\"\" width=\"86\" height=\"88\" srcset=\"https:\/\/romanfarkas.de\/wp-content\/uploads\/2017\/01\/sat-1-296x300.jpg 296w, https:\/\/romanfarkas.de\/wp-content\/uploads\/2017\/01\/sat-1-768x779.jpg 768w, https:\/\/romanfarkas.de\/wp-content\/uploads\/2017\/01\/sat-1.jpg 944w\" sizes=\"(max-width: 86px) 100vw, 86px\" \/><img loading=\"lazy\" decoding=\"async\" class=\"wp-image-304 alignnone\" src=\"https:\/\/romanfarkas.de\/wp-content\/uploads\/2017\/01\/rtl-300x65.jpg\" alt=\"\" width=\"212\" height=\"46\" srcset=\"https:\/\/romanfarkas.de\/wp-content\/uploads\/2017\/01\/rtl-300x65.jpg 300w, https:\/\/romanfarkas.de\/wp-content\/uploads\/2017\/01\/rtl-768x166.jpg 768w, https:\/\/romanfarkas.de\/wp-content\/uploads\/2017\/01\/rtl-1024x221.jpg 1024w, https:\/\/romanfarkas.de\/wp-content\/uploads\/2017\/01\/rtl-1080x234.jpg 1080w\" sizes=\"(max-width: 212px) 100vw, 212px\" \/><img loading=\"lazy\" decoding=\"async\" class=\"alignnone wp-image-294\" src=\"https:\/\/romanfarkas.de\/wp-content\/uploads\/2017\/01\/kabel1-300x203.jpg\" alt=\"\" width=\"108\" height=\"73\" srcset=\"https:\/\/romanfarkas.de\/wp-content\/uploads\/2017\/01\/kabel1-300x203.jpg 300w, https:\/\/romanfarkas.de\/wp-content\/uploads\/2017\/01\/kabel1.jpg 540w\" sizes=\"(max-width: 108px) 100vw, 108px\" \/><img loading=\"lazy\" decoding=\"async\" class=\"alignnone wp-image-285\" src=\"https:\/\/romanfarkas.de\/wp-content\/uploads\/2017\/01\/bfdw-300x155.jpg\" alt=\"\" width=\"157\" height=\"81\" srcset=\"https:\/\/romanfarkas.de\/wp-content\/uploads\/2017\/01\/bfdw-300x155.jpg 300w, https:\/\/romanfarkas.de\/wp-content\/uploads\/2017\/01\/bfdw-768x396.jpg 768w, https:\/\/romanfarkas.de\/wp-content\/uploads\/2017\/01\/bfdw-1024x529.jpg 1024w, https:\/\/romanfarkas.de\/wp-content\/uploads\/2017\/01\/bfdw-1080x558.jpg 1080w\" sizes=\"(max-width: 157px) 100vw, 157px\" \/><img loading=\"lazy\" decoding=\"async\" class=\"alignnone wp-image-299\" src=\"https:\/\/romanfarkas.de\/wp-content\/uploads\/2017\/01\/misereor-300x113.jpg\" alt=\"\" width=\"260\" height=\"98\" srcset=\"https:\/\/romanfarkas.de\/wp-content\/uploads\/2017\/01\/misereor-300x113.jpg 300w, https:\/\/romanfarkas.de\/wp-content\/uploads\/2017\/01\/misereor-768x290.jpg 768w, https:\/\/romanfarkas.de\/wp-content\/uploads\/2017\/01\/misereor-1024x386.jpg 1024w, https:\/\/romanfarkas.de\/wp-content\/uploads\/2017\/01\/misereor-1080x408.jpg 1080w, https:\/\/romanfarkas.de\/wp-content\/uploads\/2017\/01\/misereor.jpg 1542w\" sizes=\"(max-width: 260px) 100vw, 260px\" \/><img loading=\"lazy\" decoding=\"async\" class=\"alignnone wp-image-288\" src=\"https:\/\/romanfarkas.de\/wp-content\/uploads\/2017\/01\/diakonie-300x107.jpg\" alt=\"\" width=\"246\" height=\"88\" srcset=\"https:\/\/romanfarkas.de\/wp-content\/uploads\/2017\/01\/diakonie-300x107.jpg 300w, https:\/\/romanfarkas.de\/wp-content\/uploads\/2017\/01\/diakonie-768x274.jpg 768w, https:\/\/romanfarkas.de\/wp-content\/uploads\/2017\/01\/diakonie-1024x366.jpg 1024w, https:\/\/romanfarkas.de\/wp-content\/uploads\/2017\/01\/diakonie-1080x386.jpg 1080w\" sizes=\"(max-width: 246px) 100vw, 246px\" \/><img loading=\"lazy\" decoding=\"async\" class=\"alignnone wp-image-298\" src=\"https:\/\/romanfarkas.de\/wp-content\/uploads\/2017\/01\/mfm-300x177.jpg\" alt=\"\" width=\"192\" height=\"113\" srcset=\"https:\/\/romanfarkas.de\/wp-content\/uploads\/2017\/01\/mfm-300x177.jpg 300w, https:\/\/romanfarkas.de\/wp-content\/uploads\/2017\/01\/mfm-768x454.jpg 768w, https:\/\/romanfarkas.de\/wp-content\/uploads\/2017\/01\/mfm-1024x606.jpg 1024w, https:\/\/romanfarkas.de\/wp-content\/uploads\/2017\/01\/mfm-1080x639.jpg 1080w, https:\/\/romanfarkas.de\/wp-content\/uploads\/2017\/01\/mfm.jpg 1992w\" sizes=\"(max-width: 192px) 100vw, 192px\" \/><img loading=\"lazy\" decoding=\"async\" class=\"alignnone wp-image-306\" src=\"https:\/\/romanfarkas.de\/wp-content\/uploads\/2017\/01\/tribute-300x197.jpg\" alt=\"\" width=\"151\" height=\"99\" srcset=\"https:\/\/romanfarkas.de\/wp-content\/uploads\/2017\/01\/tribute-300x197.jpg 300w, https:\/\/romanfarkas.de\/wp-content\/uploads\/2017\/01\/tribute.jpg 418w\" sizes=\"(max-width: 151px) 100vw, 151px\" \/><img loading=\"lazy\" decoding=\"async\" class=\"alignnone wp-image-296\" src=\"https:\/\/romanfarkas.de\/wp-content\/uploads\/2017\/01\/krebshilfe-300x74.jpg\" alt=\"\" width=\"272\" height=\"67\" srcset=\"https:\/\/romanfarkas.de\/wp-content\/uploads\/2017\/01\/krebshilfe-300x74.jpg 300w, https:\/\/romanfarkas.de\/wp-content\/uploads\/2017\/01\/krebshilfe.jpg 560w\" sizes=\"(max-width: 272px) 100vw, 272px\" \/><img loading=\"lazy\" decoding=\"async\" class=\"alignnone wp-image-293\" src=\"https:\/\/romanfarkas.de\/wp-content\/uploads\/2017\/01\/hfk-234x300.jpg\" alt=\"\" width=\"103\" height=\"132\" srcset=\"https:\/\/romanfarkas.de\/wp-content\/uploads\/2017\/01\/hfk-234x300.jpg 234w, https:\/\/romanfarkas.de\/wp-content\/uploads\/2017\/01\/hfk-768x983.jpg 768w, https:\/\/romanfarkas.de\/wp-content\/uploads\/2017\/01\/hfk-800x1024.jpg 800w, https:\/\/romanfarkas.de\/wp-content\/uploads\/2017\/01\/hfk.jpg 998w\" sizes=\"(max-width: 103px) 100vw, 103px\" \/><img loading=\"lazy\" decoding=\"async\" class=\"alignnone wp-image-303\" src=\"https:\/\/romanfarkas.de\/wp-content\/uploads\/2017\/01\/roland-berger-300x93.jpg\" alt=\"\" width=\"265\" height=\"82\" srcset=\"https:\/\/romanfarkas.de\/wp-content\/uploads\/2017\/01\/roland-berger-300x93.jpg 300w, https:\/\/romanfarkas.de\/wp-content\/uploads\/2017\/01\/roland-berger.jpg 636w\" sizes=\"(max-width: 265px) 100vw, 265px\" \/><img loading=\"lazy\" decoding=\"async\" class=\"alignnone wp-image-287\" src=\"https:\/\/romanfarkas.de\/wp-content\/uploads\/2017\/01\/bunte.jpg\" alt=\"\" width=\"193\" height=\"88\" \/><img loading=\"lazy\" decoding=\"async\" class=\"alignnone size-medium wp-image-283\" src=\"https:\/\/romanfarkas.de\/wp-content\/uploads\/2017\/01\/al-dente-300x38.jpg\" alt=\"\" width=\"300\" height=\"38\" srcset=\"https:\/\/romanfarkas.de\/wp-content\/uploads\/2017\/01\/al-dente-300x38.jpg 300w, https:\/\/romanfarkas.de\/wp-content\/uploads\/2017\/01\/al-dente.jpg 582w\" sizes=\"(max-width: 300px) 100vw, 300px\" \/><img loading=\"lazy\" decoding=\"async\" class=\"alignnone wp-image-289\" src=\"https:\/\/romanfarkas.de\/wp-content\/uploads\/2017\/01\/dkms-300x116.jpg\" alt=\"\" width=\"246\" height=\"95\" srcset=\"https:\/\/romanfarkas.de\/wp-content\/uploads\/2017\/01\/dkms-300x116.jpg 300w, https:\/\/romanfarkas.de\/wp-content\/uploads\/2017\/01\/dkms.jpg 510w\" sizes=\"(max-width: 246px) 100vw, 246px\" \/><img loading=\"lazy\" decoding=\"async\" class=\"alignnone wp-image-295\" src=\"https:\/\/romanfarkas.de\/wp-content\/uploads\/2017\/01\/kimmig-300x147.jpg\" alt=\"\" width=\"219\" height=\"107\" srcset=\"https:\/\/romanfarkas.de\/wp-content\/uploads\/2017\/01\/kimmig-300x147.jpg 300w, https:\/\/romanfarkas.de\/wp-content\/uploads\/2017\/01\/kimmig.jpg 346w\" sizes=\"(max-width: 219px) 100vw, 219px\" \/><img loading=\"lazy\" decoding=\"async\" class=\"alignnone size-medium wp-image-300\" src=\"https:\/\/romanfarkas.de\/wp-content\/uploads\/2017\/01\/munich-re-300x117.jpg\" alt=\"\" width=\"300\" height=\"117\" srcset=\"https:\/\/romanfarkas.de\/wp-content\/uploads\/2017\/01\/munich-re-300x117.jpg 300w, https:\/\/romanfarkas.de\/wp-content\/uploads\/2017\/01\/munich-re.jpg 314w\" sizes=\"(max-width: 300px) 100vw, 300px\" \/><img loading=\"lazy\" decoding=\"async\" class=\"alignnone size-medium wp-image-290\" src=\"https:\/\/romanfarkas.de\/wp-content\/uploads\/2017\/01\/fendt-300x102.jpg\" alt=\"\" width=\"300\" height=\"102\" srcset=\"https:\/\/romanfarkas.de\/wp-content\/uploads\/2017\/01\/fendt-300x102.jpg 300w, https:\/\/romanfarkas.de\/wp-content\/uploads\/2017\/01\/fendt-510x174.jpg 510w, https:\/\/romanfarkas.de\/wp-content\/uploads\/2017\/01\/fendt.jpg 512w\" sizes=\"(max-width: 300px) 100vw, 300px\" \/><img loading=\"lazy\" decoding=\"async\" class=\"alignnone wp-image-292\" src=\"https:\/\/romanfarkas.de\/wp-content\/uploads\/2017\/01\/hainbuch-300x129.jpg\" alt=\"\" width=\"223\" height=\"96\" srcset=\"https:\/\/romanfarkas.de\/wp-content\/uploads\/2017\/01\/hainbuch-300x129.jpg 300w, https:\/\/romanfarkas.de\/wp-content\/uploads\/2017\/01\/hainbuch.jpg 364w\" sizes=\"(max-width: 223px) 100vw, 223px\" \/> [\/et_pb_accordion_item][et_pb_accordion_item title=&#8220;IMPRESSUM&#8220; _builder_version=&#8220;4.16&#8243; global_colors_info=&#8220;{}&#8220; open=&#8220;off&#8220;]<\/p>\n<h6><\/h6>\n<h6>Roman Farkas<\/h6>\n<p>Rosenheimerstr. 40<\/p>\n<p>81669 M\u00fcnchen<\/p>\n<p>mail(at)romanfarkas.de<\/p>\n<p>fax:\u00a0+49 32223496184<\/p>\n<p>Ust.-Id-NR DE200701185[\/et_pb_accordion_item][et_pb_accordion_item title=&#8220;Datenschutz&#8220; _builder_version=&#8220;4.16&#8243; _module_preset=&#8220;default&#8220; global_colors_info=&#8220;{}&#8220; open=&#8220;on&#8220;]<strong>Datenschutzerkl\u00e4rung<\/strong><br \/>\nVerantwortlicher im Sinne der Datenschutzgesetze, insbesondere der EU-Datenschutzgrundverordnung (DSGVO), ist:<br \/>\nRoman Farkas, \u2028Rosenheimerstr. 40, \u202881669 M\u00fcnchen, \u2028mail(at)romanfarkas.de<\/p>\n<p><strong>Ihre Betroffenenrechte<\/strong><br \/>\nUnter den angegebenen Kontaktdaten unseres Datenschutzbeauftragten k\u00f6nnen Sie jederzeit folgende Rechte aus\u00fcben:<br \/>\n\u2022 Auskunft \u00fcber Ihre bei uns gespeicherten Daten und deren Verarbeitung (Art. 15 DSGVO),<br \/>\n\u2022 Berichtigung unrichtiger personenbezogener Daten (Art. 16 DSGVO),<br \/>\n\u2022 L\u00f6schung Ihrer bei uns gespeicherten Daten (Art. 17 DSGVO),<br \/>\n\u2022 Einschr\u00e4nkung der Datenverarbeitung, sofern wir Ihre Daten aufgrund gesetzlicher Pflichten noch nicht l\u00f6schen d\u00fcrfen (Art. 18 DSGVO),<br \/>\n\u2022 Widerspruch gegen die Verarbeitung Ihrer Daten bei uns (Art. 21 DSGVO) und<br \/>\n\u2022 Daten\u00fcbertragbarkeit, sofern Sie in die Datenverarbeitung eingewilligt haben oder einen Vertrag mit uns abgeschlossen haben (Art. 20 DSGVO).<br \/>\nSofern Sie uns eine Einwilligung erteilt haben, k\u00f6nnen Sie diese jederzeit mit Wirkung f\u00fcr die Zukunft widerrufen.<br \/>\nSie k\u00f6nnen sich jederzeit mit einer Beschwerde an eine Aufsichtsbeh\u00f6rde wenden, z. B. an die zust\u00e4ndige Aufsichtsbeh\u00f6rde des Bundeslands Ihres Wohnsitzes oder an die f\u00fcr uns als verantwortliche Stelle zust\u00e4ndige Beh\u00f6rde.<br \/>\nEine Liste der Aufsichtsbeh\u00f6rden (f\u00fcr den nicht\u00f6ffentlichen Bereich) mit Anschrift finden Sie unter: https:\/\/www.bfdi.bund.de\/DE\/Service\/Anschriften\/Laender\/Laender-node.html.<\/p>\n<p><strong>Erfassung allgemeiner Informationen beim Besuch unserer Website<\/strong><br \/>\nArt und Zweck der Verarbeitung:<br \/>\nWenn Sie auf unsere Website zugreifen, d.h., wenn Sie sich nicht registrieren oder anderweitig Informationen \u00fcbermitteln, werden automatisch Informationen allgemeiner Natur erfasst. Diese Informationen (Server-Logfiles) beinhalten etwa die Art des Webbrowsers, das verwendete Betriebssystem, den Domainnamen Ihres Internet-Service-Providers, Ihre IP-Adresse und \u00e4hnliches.<br \/>\nSie werden insbesondere zu folgenden Zwecken verarbeitet:<br \/>\n\u2022 Sicherstellung eines problemlosen Verbindungsaufbaus der Website,<br \/>\n\u2022 Sicherstellung einer reibungslosen Nutzung unserer Website,<br \/>\n\u2022 Auswertung der Systemsicherheit und -stabilit\u00e4t sowie<br \/>\n\u2022 zur Optimierung unserer Website.<br \/>\nWir verwenden Ihre Daten nicht, um R\u00fcckschl\u00fcsse auf Ihre Person zu ziehen. Informationen dieser Art werden von uns ggfs. anonymisiert statistisch ausgewertet, um unseren Internetauftritt und die dahinterstehende Technik zu optimieren.<\/p>\n<p><strong>Rechtsgrundlage und berechtigtes Interesse:<\/strong><br \/>\nDie Verarbeitung erfolgt gem\u00e4\u00df Art. 6 Abs. 1 lit. f DSGVO auf Basis unseres berechtigten Interesses an der Verbesserung der Stabilit\u00e4t und Funktionalit\u00e4t unserer Website.<br \/>\nEmpf\u00e4nger:<br \/>\nEmpf\u00e4nger der Daten sind ggf. technische Dienstleister, die f\u00fcr den Betrieb und die Wartung unserer Webseite als Auftragsverarbeiter t\u00e4tig werden.<br \/>\nSpeicherdauer:<br \/>\nDie Daten werden gel\u00f6scht, sobald diese f\u00fcr den Zweck der Erhebung nicht mehr erforderlich sind. Dies ist f\u00fcr die Daten, die der Bereitstellung der Website dienen, grunds\u00e4tzlich der Fall, wenn die jeweilige Sitzung beendet ist.<br \/>\nBereitstellung vorgeschrieben oder erforderlich:<br \/>\nDie Bereitstellung der vorgenannten personenbezogenen Daten ist weder gesetzlich noch vertraglich vorgeschrieben. Ohne die IP-Adresse ist jedoch der Dienst und die Funktionsf\u00e4higkeit unserer Website nicht gew\u00e4hrleistet. Zudem k\u00f6nnen einzelne Dienste und Services nicht verf\u00fcgbar oder eingeschr\u00e4nkt sein. Aus diesem Grund ist ein Widerspruch ausgeschlossen.<\/p>\n<p><strong>Eingebettete YouTube-Videos<\/strong><br \/>\nAuf unserer Website betten wir YouTube-Videos ein. Betreiber der entsprechenden Plugins ist die YouTube, LLC, 901 Cherry Ave., San Bruno, CA 94066, USA (nachfolgend \u201eYouTube\u201c). Die YouTube, LLC ist einer Tochtergesellschaft der Google LLC, 1600 Amphitheatre Pkwy, Mountain View, CA 94043, USA (nachfolgend \u201eGoogle\u201c). Wenn Sie eine Seite mit dem YouTube-Plugin besuchen, wird eine Verbindung zu Servern von YouTube hergestellt. Dabei wird YouTube mitgeteilt, welche Seiten Sie besuchen. Wenn Sie in Ihrem YouTube-Account eingeloggt sind, kann YouTube Ihr Surfverhalten Ihnen pers\u00f6nlich zuzuordnen. Dies verhindern Sie, indem Sie sich vorher aus Ihrem YouTube-Account ausloggen.<br \/>\nWird ein YouTube-Video gestartet, setzt der Anbieter Cookies ein, die Hinweise \u00fcber das Nutzerverhalten sammeln.<br \/>\nWeitere Informationen zu Zweck und Umfang der Datenerhebung und ihrer Verarbeitung durch YouTube erhalten Sie in den Datenschutzerkl\u00e4rungen des Anbieters, Dort erhalten Sie auch weitere Informationen zu Ihren diesbez\u00fcglichen Rechten und Einstellungsm\u00f6glichkeiten zum Schutze Ihrer Privatsph\u00e4re (https:\/\/policies.google.com\/privacy).<br \/>\nWiderruf der Einwilligung:<br \/>\nVom Anbieter wird derzeit keine M\u00f6glichkeit f\u00fcr einen einfachen Opt-out oder ein Blockieren der Daten\u00fcbertragung angeboten. Wenn Sie eine Nachverfolgung Ihrer Aktivit\u00e4ten auf unserer Website verhindern wollen, widerrufen Sie bitte im Cookie-Consent-Tool Ihre Einwilligung f\u00fcr die entsprechende Cookie-Kategorie oder alle technisch nicht notwendigen Cookies und Daten\u00fcbertragungen. In diesem Fall k\u00f6nnen Sie unsere Website jedoch ggfs. nicht oder nur eingeschr\u00e4nkt nutzen.<\/p>\n<p><strong>Vimeo<\/strong><br \/>\nUnsere Website nutzt Plugins des Videoportals Vimeo. Anbieter ist die Vimeo Inc., 555 West 18th Street, New York, New York 10011, USA.<br \/>\nWenn Sie eine unserer mit einem Vimeo-Plugin ausgestatteten Seiten besuchen, wird eine Verbindung zu den Servern von Vimeo hergestellt. Dabei wird dem Vimeo-Server mitgeteilt, welche unserer Seiten Sie besucht haben. Zudem erlangt Vimeo Ihre IP-Adresse. Dies gilt auch dann, wenn Sie nicht bei Vimeo eingeloggt sind oder keinen Account bei Vimeo besitzen. Die von Vimeo erfassten Informationen werden an den Vimeo-Server in den USA \u00fcbermittelt.<br \/>\nWenn Sie in Ihrem Vimeo-Account eingeloggt sind, erm\u00f6glichen Sie Vimeo, Ihr Surfverhalten direkt Ihrem pers\u00f6nlichen Profil zuzuordnen. Dies k\u00f6nnen Sie verhindern, indem Sie sich aus Ihrem Vimeo-Account ausloggen.<br \/>\nWeitere Informationen zum Umgang mit Nutzerdaten finden Sie in der Datenschutzerkl\u00e4rung von Vimeo unter: https:\/\/vimeo.com\/privacy.<\/p>\n<p><strong>Social Plugins<\/strong><br \/>\nArt und Zweck der Verarbeitung:<br \/>\nWir bieten Ihnen auf unserer Webseite die M\u00f6glichkeit der Nutzung von sog. \u201eSocial-Media-Buttons\u201c an. Zum Schutze Ihrer Daten setzen wir bei der Implementierung auf die L\u00f6sung \u201eShariff\u201c. Hierdurch werden diese Buttons auf der Webseite lediglich als Grafik eingebunden, die eine Verlinkung auf die entsprechende Webseite des Button-Anbieters enth\u00e4lt. Durch Anklicken der Grafik werden Sie somit zu den Diensten der jeweiligen Anbieter weitergeleitet. Erst dann werden Ihre Daten an die jeweiligen Anbieter gesendet. Sofern Sie die Grafik nicht anklicken, findet keinerlei Austausch zwischen Ihnen und den Anbietern der Social-Media-Buttons statt. Informationen \u00fcber die Erhebung und Verwendung Ihrer Daten in den sozialen Netzwerken finden Sie in den jeweiligen Nutzungsbedingungen der entsprechenden Anbieter. Mehr Informationen zur Shariff-L\u00f6sung finden Sie hier: http:\/\/www.heise.de\/ct\/artikel\/Shariff-Social-Media-Buttons-mit-Datenschutz-2467514.html<br \/>\nWir haben auf unserer Website die Social-Media-Buttons folgender Unternehmen eingebunden:<br \/>\nVimeo Vimeo.com, Inc., 330 West 34th Street, 5th Floor, New York, New York 10001, USA<\/p>\n<p><strong>SSL-Verschl\u00fcsselung<\/strong><br \/>\nUm die Sicherheit Ihrer Daten bei der \u00dcbertragung zu sch\u00fctzen, verwenden wir dem aktuellen Stand der Technik entsprechende Verschl\u00fcsselungsverfahren (z. B. SSL) \u00fcber HTTPS.<\/p>\n<p><strong>Information \u00fcber Ihr Widerspruchsrecht nach Art. 21 DSGVO<\/strong><br \/>\nEinzelfallbezogenes Widerspruchsrecht<br \/>\nSie haben das Recht, aus Gr\u00fcnden, die sich aus Ihrer besonderen Situation ergeben, jederzeit gegen die Verarbeitung Sie betreffender personenbezogener Daten, die aufgrund Art. 6 Abs. 1 lit. f DSGVO (Datenverarbeitung auf der Grundlage einer Interessenabw\u00e4gung) erfolgt, Widerspruch einzulegen; dies gilt auch f\u00fcr ein auf diese Bestimmung gest\u00fctztes Profiling im Sinne von Art. 4 Nr. 4 DSGVO.<br \/>\nLegen Sie Widerspruch ein, werden wir Ihre personenbezogenen Daten nicht mehr verarbeiten, es sei denn, wir k\u00f6nnen zwingende schutzw\u00fcrdige Gr\u00fcnde f\u00fcr die Verarbeitung nachweisen, die Ihre Interessen, Rechte und Freiheiten \u00fcberwiegen, oder die Verarbeitung dient der Geltendmachung, Aus\u00fcbung oder Verteidigung von Rechtsanspr\u00fcchen.<br \/>\nEmpf\u00e4nger eines Widerspruchs<br \/>\nRoman Farkas<\/p>\n<p><strong>\u00c4nderung unserer Datenschutzbestimmungen<\/strong><br \/>\nWir behalten uns vor, diese Datenschutzerkl\u00e4rung anzupassen, damit sie stets den aktuellen rechtlichen Anforderungen entspricht oder um \u00c4nderungen unserer Leistungen in der Datenschutzerkl\u00e4rung umzusetzen, z.B. bei der Einf\u00fchrung neuer Services. F\u00fcr Ihren erneuten Besuch gilt dann die neue Datenschutzerkl\u00e4rung.<br \/>\nFragen an den Datenschutzbeauftragten<br \/>\nWenn Sie Fragen zum Datenschutz haben, schreiben Sie uns bitte eine E-Mail oder wenden Sie sich direkt an die f\u00fcr den Datenschutz verantwortliche Person in unserer Organisation:<br \/>\nmail(at)romanfarkas.de<\/p>\n<p>Die Datenschutzerkl\u00e4rung wurde mithilfe der activeMind AG erstellt, den Experten f\u00fcr externe Datenschutzbeauftragte (Version #2020-09-30).[\/et_pb_accordion_item][\/et_pb_accordion][\/et_pb_column][et_pb_column type=&#8220;1_2&#8243; _builder_version=&#8220;4.16&#8243; custom_padding=&#8220;|||&#8220; global_colors_info=&#8220;{}&#8220; custom_padding__hover=&#8220;|||&#8220;][et_pb_blurb title=&#8220;MAKING OF Liberia &#8211; wie eine Geschichte entsteht.&#8220; image_icon_width=&#8220;none&#8220; admin_label=&#8220;Informationstext&#8220; _builder_version=&#8220;4.16&#8243; background_size=&#8220;initial&#8220; background_position=&#8220;top_left&#8220; background_repeat=&#8220;repeat&#8220; text_orientation=&#8220;center&#8220; use_border_color=&#8220;off&#8220; border_color=&#8220;#ffffff&#8220; border_style=&#8220;solid&#8220; image_max_width=&#8220;none&#8220; global_colors_info=&#8220;{}&#8220;] [\/et_pb_blurb][et_pb_portfolio include_categories=&#8220;16&#8243; show_title=&#8220;off&#8220; show_categories=&#8220;off&#8220; _builder_version=&#8220;4.16&#8243; _module_preset=&#8220;default&#8220; global_colors_info=&#8220;{}&#8220;][\/et_pb_portfolio][et_pb_gallery gallery_ids=&#8220;530,531,532,533,534&#8243; fullwidth=&#8220;on&#8220; admin_label=&#8220;Galerie&#8220; _builder_version=&#8220;4.16&#8243; auto=&#8220;on&#8220; auto_speed=&#8220;5000&#8243; use_border_color=&#8220;off&#8220; border_color=&#8220;#ffffff&#8220; border_style=&#8220;solid&#8220; global_colors_info=&#8220;{}&#8220;] [\/et_pb_gallery][\/et_pb_column][\/et_pb_row][\/et_pb_section]<\/p>\n","protected":false},"excerpt":{"rendered":"<p>Konzeption, Planung und Realisierung von Filmprojekten im Bereich Dokumentation, Imagefilm, Reportage.\u00a0 Ist ein Thema gesetzt, beginnt die eigentliche Arbeit: Jedes Thema l\u00e4sst sich aus unterschiedlichsten Perspektiven erz\u00e4hlen. Schon in der Recherche muss ich mich immer fragen: Warum m\u00f6chte ich genau diese Geschichte erz\u00e4hlen? Was ist meine Perspektive? Was ist mein besonderer Zugang? Wie kann ich [&hellip;]<\/p>\n","protected":false},"author":1,"featured_media":0,"parent":0,"menu_order":0,"comment_status":"closed","ping_status":"closed","template":"","meta":{"_et_pb_use_builder":"on","_et_pb_old_content":"","_et_gb_content_width":"","footnotes":""},"class_list":["post-124","page","type-page","status-publish","hentry"],"_links":{"self":[{"href":"https:\/\/romanfarkas.de\/index.php?rest_route=\/wp\/v2\/pages\/124","targetHints":{"allow":["GET"]}}],"collection":[{"href":"https:\/\/romanfarkas.de\/index.php?rest_route=\/wp\/v2\/pages"}],"about":[{"href":"https:\/\/romanfarkas.de\/index.php?rest_route=\/wp\/v2\/types\/page"}],"author":[{"embeddable":true,"href":"https:\/\/romanfarkas.de\/index.php?rest_route=\/wp\/v2\/users\/1"}],"replies":[{"embeddable":true,"href":"https:\/\/romanfarkas.de\/index.php?rest_route=%2Fwp%2Fv2%2Fcomments&post=124"}],"version-history":[{"count":51,"href":"https:\/\/romanfarkas.de\/index.php?rest_route=\/wp\/v2\/pages\/124\/revisions"}],"predecessor-version":[{"id":1201,"href":"https:\/\/romanfarkas.de\/index.php?rest_route=\/wp\/v2\/pages\/124\/revisions\/1201"}],"wp:attachment":[{"href":"https:\/\/romanfarkas.de\/index.php?rest_route=%2Fwp%2Fv2%2Fmedia&parent=124"}],"curies":[{"name":"wp","href":"https:\/\/api.w.org\/{rel}","templated":true}]}}